{"id":3212,"date":"2021-11-24T07:38:21","date_gmt":"2021-11-24T10:38:21","guid":{"rendered":"https:\/\/andradeareiaepedra.com.br\/site\/services\/"},"modified":"2022-11-28T23:12:34","modified_gmt":"2022-11-29T02:12:34","slug":"areia","status":"publish","type":"page","link":"https:\/\/andradeareiaepedra.com.br\/site\/areia\/","title":{"rendered":"Areia"},"content":{"rendered":"\t\t<div data-elementor-type=\"wp-page\" data-elementor-id=\"3212\" class=\"elementor elementor-3212\">\n\t\t\t\t\t\t<section class=\"elementor-section elementor-top-section elementor-element elementor-element-933aa33 elementor-section-full_width elementor-section-height-default elementor-section-height-default\" data-id=\"933aa33\" data-element_type=\"section\">\n\t\t\t\t\t\t<div class=\"elementor-container elementor-column-gap-default\">\n\t\t\t\t\t<div class=\"elementor-column elementor-col-100 elementor-top-column elementor-element elementor-element-d31acc3\" data-id=\"d31acc3\" data-element_type=\"column\">\n\t\t\t<div class=\"elementor-widget-wrap elementor-element-populated\">\n\t\t\t\t\t\t<section class=\"elementor-section elementor-inner-section elementor-element elementor-element-03306fd elementor-section-boxed elementor-section-height-default elementor-section-height-default elementor-invisible\" data-id=\"03306fd\" data-element_type=\"section\" data-settings=\"{&quot;animation&quot;:&quot;fadeIn&quot;}\">\n\t\t\t\t\t\t<div class=\"elementor-container elementor-column-gap-default\">\n\t\t\t\t\t<div class=\"elementor-column elementor-col-33 elementor-inner-column elementor-element elementor-element-53a46e9\" data-id=\"53a46e9\" data-element_type=\"column\">\n\t\t\t<div class=\"elementor-widget-wrap elementor-element-populated\">\n\t\t\t\t\t\t<div class=\"elementor-element elementor-element-4344ddb elementor-widget elementor-widget-image\" data-id=\"4344ddb\" data-element_type=\"widget\" data-widget_type=\"image.default\">\n\t\t\t\t<div class=\"elementor-widget-container\">\n\t\t\t\t\t\t\t\t\t\t\t\t\t\t\t<img fetchpriority=\"high\" decoding=\"async\" width=\"482\" height=\"328\" src=\"https:\/\/andradeareiaepedra.com.br\/site\/wp-content\/uploads\/2022\/11\/andrade.areia_.fina_.jpg\" class=\"attachment-full size-full wp-image-3992\" alt=\"andrade.areia.fina\" srcset=\"https:\/\/andradeareiaepedra.com.br\/site\/wp-content\/uploads\/2022\/11\/andrade.areia_.fina_.jpg 482w, https:\/\/andradeareiaepedra.com.br\/site\/wp-content\/uploads\/2022\/11\/andrade.areia_.fina_-300x204.jpg 300w\" sizes=\"(max-width: 482px) 100vw, 482px\" \/>\t\t\t\t\t\t\t\t\t\t\t\t\t\t\t<\/div>\n\t\t\t\t<\/div>\n\t\t\t\t<div class=\"elementor-element elementor-element-1de7c81 elementor-widget elementor-widget-heading\" data-id=\"1de7c81\" data-element_type=\"widget\" data-widget_type=\"heading.default\">\n\t\t\t\t<div class=\"elementor-widget-container\">\n\t\t\t\t\t<h5 class=\"elementor-heading-title elementor-size-default\">Areia Lavada Fina<\/h5>\t\t\t\t<\/div>\n\t\t\t\t<\/div>\n\t\t\t\t<div class=\"elementor-element elementor-element-16fd3e9 elementor-widget elementor-widget-text-editor\" data-id=\"16fd3e9\" data-element_type=\"widget\" data-widget_type=\"text-editor.default\">\n\t\t\t\t<div class=\"elementor-widget-container\">\n\t\t\t\t\t\t\t\t\t<p>MALHA DE CORTE: + 0,15mm \u2013 0,60mm<br \/>DENSIDADE: 1,5KG \/ DM3<br \/>APLICA\u00c7\u00c3O: Areia fina lavada usada para acabamento da obra, normalmente para reboque.<\/p>\t\t\t\t\t\t\t\t<\/div>\n\t\t\t\t<\/div>\n\t\t\t\t\t<\/div>\n\t\t<\/div>\n\t\t\t\t<div class=\"elementor-column elementor-col-33 elementor-inner-column elementor-element elementor-element-c838d1c\" data-id=\"c838d1c\" data-element_type=\"column\">\n\t\t\t<div class=\"elementor-widget-wrap elementor-element-populated\">\n\t\t\t\t\t\t<div class=\"elementor-element elementor-element-c40d392 elementor-widget elementor-widget-image\" data-id=\"c40d392\" data-element_type=\"widget\" data-widget_type=\"image.default\">\n\t\t\t\t<div class=\"elementor-widget-container\">\n\t\t\t\t\t\t\t\t\t\t\t\t\t\t\t<img decoding=\"async\" width=\"482\" height=\"328\" src=\"https:\/\/andradeareiaepedra.com.br\/site\/wp-content\/uploads\/2022\/11\/andrade.areia_.lavada.jpg\" class=\"attachment-full size-full wp-image-4002\" alt=\"andrade.areia.lavada\" srcset=\"https:\/\/andradeareiaepedra.com.br\/site\/wp-content\/uploads\/2022\/11\/andrade.areia_.lavada.jpg 482w, https:\/\/andradeareiaepedra.com.br\/site\/wp-content\/uploads\/2022\/11\/andrade.areia_.lavada-300x204.jpg 300w\" sizes=\"(max-width: 482px) 100vw, 482px\" \/>\t\t\t\t\t\t\t\t\t\t\t\t\t\t\t<\/div>\n\t\t\t\t<\/div>\n\t\t\t\t<div class=\"elementor-element elementor-element-cc83c38 elementor-widget elementor-widget-heading\" data-id=\"cc83c38\" data-element_type=\"widget\" data-widget_type=\"heading.default\">\n\t\t\t\t<div class=\"elementor-widget-container\">\n\t\t\t\t\t<h5 class=\"elementor-heading-title elementor-size-default\"><span style=\"color: var(--genheadingColor);font-family: var(--fontFamily);font-size: var(--fontSize);font-weight: var(--fontWeight);background-color: var(--background-color)\">Areia <\/span>Lavada M\u00e9dia<span style=\"color: var(--genheadingColor);font-family: var(--fontFamily);font-size: var(--fontSize);font-style: var(--fontStyle,inherit);font-weight: var(--fontWeight);letter-spacing: var(--letterSpacing);text-transform: var(--textTransform);background-color: var(--background-color)\"><\/span><br><\/h5>\t\t\t\t<\/div>\n\t\t\t\t<\/div>\n\t\t\t\t<div class=\"elementor-element elementor-element-b2673fb elementor-widget elementor-widget-text-editor\" data-id=\"b2673fb\" data-element_type=\"widget\" data-widget_type=\"text-editor.default\">\n\t\t\t\t<div class=\"elementor-widget-container\">\n\t\t\t\t\t\t\t\t\t<p>MALHA DE CORTE: + 0,15MM \u2013 4,8MM<br \/>DENSIDADE: 1,5KG \/ DM3<br \/>APLICA\u00c7\u00c3O: \u00c9 a mais usada, pois a sua estrutura permite que seja usada em praticamente todas as fases da obra.<\/p>\t\t\t\t\t\t\t\t<\/div>\n\t\t\t\t<\/div>\n\t\t\t\t\t<\/div>\n\t\t<\/div>\n\t\t\t\t<div class=\"elementor-column elementor-col-33 elementor-inner-column elementor-element elementor-element-19a7d6b\" data-id=\"19a7d6b\" data-element_type=\"column\">\n\t\t\t<div class=\"elementor-widget-wrap elementor-element-populated\">\n\t\t\t\t\t\t<div class=\"elementor-element elementor-element-a8b0ed6 elementor-widget elementor-widget-image\" data-id=\"a8b0ed6\" data-element_type=\"widget\" data-widget_type=\"image.default\">\n\t\t\t\t<div class=\"elementor-widget-container\">\n\t\t\t\t\t\t\t\t\t\t\t\t\t\t\t<img decoding=\"async\" width=\"482\" height=\"328\" src=\"https:\/\/andradeareiaepedra.com.br\/site\/wp-content\/uploads\/2022\/11\/andrade.areia_.grossa.jpg\" class=\"attachment-full size-full wp-image-3994\" alt=\"andrade.areia.grossa\" srcset=\"https:\/\/andradeareiaepedra.com.br\/site\/wp-content\/uploads\/2022\/11\/andrade.areia_.grossa.jpg 482w, https:\/\/andradeareiaepedra.com.br\/site\/wp-content\/uploads\/2022\/11\/andrade.areia_.grossa-300x204.jpg 300w\" sizes=\"(max-width: 482px) 100vw, 482px\" \/>\t\t\t\t\t\t\t\t\t\t\t\t\t\t\t<\/div>\n\t\t\t\t<\/div>\n\t\t\t\t<div class=\"elementor-element elementor-element-05b3bd6 elementor-widget elementor-widget-heading\" data-id=\"05b3bd6\" data-element_type=\"widget\" data-widget_type=\"heading.default\">\n\t\t\t\t<div class=\"elementor-widget-container\">\n\t\t\t\t\t<h5 class=\"elementor-heading-title elementor-size-default\">Areia Lavada Grossa<\/h5>\t\t\t\t<\/div>\n\t\t\t\t<\/div>\n\t\t\t\t<div class=\"elementor-element elementor-element-c509a75 elementor-widget elementor-widget-text-editor\" data-id=\"c509a75\" data-element_type=\"widget\" data-widget_type=\"text-editor.default\">\n\t\t\t\t<div class=\"elementor-widget-container\">\n\t\t\t\t\t\t\t\t\t<p>MALHA DE CORTE: + 2,4MM \u2013 4,88MM<br>DENSIDADE: 1,5KG \/ DM3<br>APLICA\u00c7\u00c3O: Geralmente usada como agregada do concreto ou em trabalhos que exigem uma maior resist\u00eancia da liga.<\/p>\t\t\t\t\t\t\t\t<\/div>\n\t\t\t\t<\/div>\n\t\t\t\t\t<\/div>\n\t\t<\/div>\n\t\t\t\t\t<\/div>\n\t\t<\/section>\n\t\t\t\t<section class=\"elementor-section elementor-inner-section elementor-element elementor-element-cf130f9 elementor-section-boxed elementor-section-height-default elementor-section-height-default elementor-invisible\" data-id=\"cf130f9\" data-element_type=\"section\" data-settings=\"{&quot;animation&quot;:&quot;fadeIn&quot;}\">\n\t\t\t\t\t\t<div class=\"elementor-container elementor-column-gap-default\">\n\t\t\t\t\t<div class=\"elementor-column elementor-col-33 elementor-inner-column elementor-element elementor-element-fd6cde3\" data-id=\"fd6cde3\" data-element_type=\"column\">\n\t\t\t<div class=\"elementor-widget-wrap elementor-element-populated\">\n\t\t\t\t\t\t<div class=\"elementor-element elementor-element-0cbec7a elementor-widget elementor-widget-image\" data-id=\"0cbec7a\" data-element_type=\"widget\" data-widget_type=\"image.default\">\n\t\t\t\t<div class=\"elementor-widget-container\">\n\t\t\t\t\t\t\t\t\t\t\t\t\t\t\t<img loading=\"lazy\" decoding=\"async\" width=\"482\" height=\"328\" src=\"https:\/\/andradeareiaepedra.com.br\/site\/wp-content\/uploads\/2022\/11\/andrade.areia_.cava_.jpg\" class=\"attachment-full size-full wp-image-3998\" alt=\"\" srcset=\"https:\/\/andradeareiaepedra.com.br\/site\/wp-content\/uploads\/2022\/11\/andrade.areia_.cava_.jpg 482w, https:\/\/andradeareiaepedra.com.br\/site\/wp-content\/uploads\/2022\/11\/andrade.areia_.cava_-300x204.jpg 300w\" sizes=\"(max-width: 482px) 100vw, 482px\" \/>\t\t\t\t\t\t\t\t\t\t\t\t\t\t\t<\/div>\n\t\t\t\t<\/div>\n\t\t\t\t<div class=\"elementor-element elementor-element-61cc1b2 elementor-widget elementor-widget-heading\" data-id=\"61cc1b2\" data-element_type=\"widget\" data-widget_type=\"heading.default\">\n\t\t\t\t<div class=\"elementor-widget-container\">\n\t\t\t\t\t<h5 class=\"elementor-heading-title elementor-size-default\"><span style=\"color: var(--genheadingColor);font-family: var(--fontFamily);font-size: var(--fontSize);font-weight: var(--fontWeight);background-color: var(--background-color)\">Areia de Cava ou Aterro<\/span><\/h5>\t\t\t\t<\/div>\n\t\t\t\t<\/div>\n\t\t\t\t<div class=\"elementor-element elementor-element-7ce2c0e elementor-widget elementor-widget-text-editor\" data-id=\"7ce2c0e\" data-element_type=\"widget\" data-widget_type=\"text-editor.default\">\n\t\t\t\t<div class=\"elementor-widget-container\">\n\t\t\t\t\t\t\t\t\t<p>DENSIDADE: 1,5KG \/ DM3<br>APLICA\u00c7\u00c3O: Utilizada para aterrar \u00e1reas onde o terreno \u00e9 acidentado ou possui uma serie de deforma\u00e7\u00f5es.&nbsp; &nbsp; &nbsp; &nbsp; &nbsp; &nbsp; &nbsp; &nbsp; &nbsp; &nbsp; &nbsp; &nbsp; &nbsp; &nbsp; &nbsp; &nbsp; &nbsp; &nbsp; &nbsp; &nbsp; &nbsp; &nbsp; &nbsp; &nbsp; &nbsp; &nbsp; &nbsp; &nbsp; &nbsp; &nbsp; &nbsp; &nbsp; &nbsp; &nbsp; &nbsp; &nbsp; &nbsp; &nbsp; &nbsp; &nbsp; &nbsp; &nbsp; &nbsp; &nbsp; &nbsp; &nbsp; &nbsp; &nbsp; &nbsp; &nbsp; &nbsp; &nbsp; &nbsp; &nbsp; &nbsp; &nbsp; &nbsp; &nbsp; &nbsp; &nbsp;<\/p>\t\t\t\t\t\t\t\t<\/div>\n\t\t\t\t<\/div>\n\t\t\t\t\t<\/div>\n\t\t<\/div>\n\t\t\t\t<div class=\"elementor-column elementor-col-33 elementor-inner-column elementor-element elementor-element-a6ae820\" data-id=\"a6ae820\" data-element_type=\"column\">\n\t\t\t<div class=\"elementor-widget-wrap elementor-element-populated\">\n\t\t\t\t\t\t<div class=\"elementor-element elementor-element-934f8d0 elementor-widget elementor-widget-image\" data-id=\"934f8d0\" data-element_type=\"widget\" data-widget_type=\"image.default\">\n\t\t\t\t<div class=\"elementor-widget-container\">\n\t\t\t\t\t\t\t\t\t\t\t\t\t\t\t<img loading=\"lazy\" decoding=\"async\" width=\"482\" height=\"328\" src=\"https:\/\/andradeareiaepedra.com.br\/site\/wp-content\/uploads\/2022\/11\/andrade.argila.jpg\" class=\"attachment-full size-full wp-image-4230\" alt=\"andrade.argila.expandida\" srcset=\"https:\/\/andradeareiaepedra.com.br\/site\/wp-content\/uploads\/2022\/11\/andrade.argila.jpg 482w, https:\/\/andradeareiaepedra.com.br\/site\/wp-content\/uploads\/2022\/11\/andrade.argila-300x204.jpg 300w\" sizes=\"(max-width: 482px) 100vw, 482px\" \/>\t\t\t\t\t\t\t\t\t\t\t\t\t\t\t<\/div>\n\t\t\t\t<\/div>\n\t\t\t\t<div class=\"elementor-element elementor-element-3387380 elementor-widget elementor-widget-heading\" data-id=\"3387380\" data-element_type=\"widget\" data-widget_type=\"heading.default\">\n\t\t\t\t<div class=\"elementor-widget-container\">\n\t\t\t\t\t<h5 class=\"elementor-heading-title elementor-size-default\">Argila Expandida<\/h5>\t\t\t\t<\/div>\n\t\t\t\t<\/div>\n\t\t\t\t<div class=\"elementor-element elementor-element-0c48935 elementor-widget elementor-widget-text-editor\" data-id=\"0c48935\" data-element_type=\"widget\" data-widget_type=\"text-editor.default\">\n\t\t\t\t<div class=\"elementor-widget-container\">\n\t\t\t\t\t\t\t\t\t<p>A argila expandida \u00e9 um agregado em formato arredondado que se destaca pela sua in\u00e9rcia qu\u00edmica, resist\u00eancia, durabilidade e leveza.\u00a0 \u00a0 \u00a0 \u00a0 \u00a0 \u00a0 \u00a0 \u00a0 \u00a0 \u00a0 \u00a0 \u00a0 \u00a0 \u00a0 \u00a0 \u00a0 \u00a0 \u00a0 \u00a0 \u00a0 \u00a0 \u00a0 \u00a0<\/p>\t\t\t\t\t\t\t\t<\/div>\n\t\t\t\t<\/div>\n\t\t\t\t\t<\/div>\n\t\t<\/div>\n\t\t\t\t<div class=\"elementor-column elementor-col-33 elementor-inner-column elementor-element elementor-element-6a3b740\" data-id=\"6a3b740\" data-element_type=\"column\">\n\t\t\t<div class=\"elementor-widget-wrap elementor-element-populated\">\n\t\t\t\t\t\t\t<\/div>\n\t\t<\/div>\n\t\t\t\t\t<\/div>\n\t\t<\/section>\n\t\t\t\t\t<\/div>\n\t\t<\/div>\n\t\t\t\t\t<\/div>\n\t\t<\/section>\n\t\t\t\t<\/div>\n\t\t","protected":false},"excerpt":{"rendered":"<p>Areia Lavada Fina MALHA DE CORTE: + 0,15mm \u2013 0,60mmDENSIDADE: 1,5KG \/ DM3APLICA\u00c7\u00c3O: Areia fina lavada usada para [&hellip;]<\/p>\n","protected":false},"author":1,"featured_media":0,"parent":0,"menu_order":0,"comment_status":"closed","ping_status":"closed","template":"elementor_header_footer","meta":{"_joinchat":[],"footnotes":""},"class_list":["post-3212","page","type-page","status-publish","hentry","rishi-post","no-post-thumbnail"],"rishi__cb_customizer_meta":"","_links":{"self":[{"href":"https:\/\/andradeareiaepedra.com.br\/site\/wp-json\/wp\/v2\/pages\/3212","targetHints":{"allow":["GET"]}}],"collection":[{"href":"https:\/\/andradeareiaepedra.com.br\/site\/wp-json\/wp\/v2\/pages"}],"about":[{"href":"https:\/\/andradeareiaepedra.com.br\/site\/wp-json\/wp\/v2\/types\/page"}],"author":[{"embeddable":true,"href":"https:\/\/andradeareiaepedra.com.br\/site\/wp-json\/wp\/v2\/users\/1"}],"replies":[{"embeddable":true,"href":"https:\/\/andradeareiaepedra.com.br\/site\/wp-json\/wp\/v2\/comments?post=3212"}],"version-history":[{"count":56,"href":"https:\/\/andradeareiaepedra.com.br\/site\/wp-json\/wp\/v2\/pages\/3212\/revisions"}],"predecessor-version":[{"id":4236,"href":"https:\/\/andradeareiaepedra.com.br\/site\/wp-json\/wp\/v2\/pages\/3212\/revisions\/4236"}],"wp:attachment":[{"href":"https:\/\/andradeareiaepedra.com.br\/site\/wp-json\/wp\/v2\/media?parent=3212"}],"curies":[{"name":"wp","href":"https:\/\/api.w.org\/{rel}","templated":true}]}}